{"id":3,"date":"2019-06-13T09:33:25","date_gmt":"2019-06-13T09:33:25","guid":{"rendered":"https:\/\/ose-loesmann.de\/?page_id=3"},"modified":"2026-05-06T09:30:51","modified_gmt":"2026-05-06T09:30:51","slug":"datenschutz","status":"publish","type":"page","link":"https:\/\/ose-loesmann.de\/?page_id=3","title":{"rendered":"Datenschutzinformation"},"content":{"rendered":"\n<div class=\"ghostkit-grid ghostkit-grid-gap-md ghostkit-grid-justify-content-center\" id=\"sitecredits\"><div class=\"ghostkit-grid-inner\">\n<div class=\"ghostkit-col ghostkit-col-md-12 ghostkit-col-8\"><div class=\"ghostkit-col-content is-layout-flow wp-block-ghostkit-grid-column-is-layout-flow\">\n<p class=\"wp-block-paragraph\">Gegenstand des Datenschutzes sind personenbezogene Daten. Personenbezogene Daten sind gem\u00e4\u00df Art. 4 DSGVO alle Informationen, die sich auf eine identifizierte oder identifizierbare nat\u00fcrliche Person beziehen. Hierzu geh\u00f6ren z. B. Angaben wie Name, Adresse, E-Mail-Adresse oder Telefonnummer, aber auch Nutzungsdaten, z. B. IP-Adresse oder Inhaltsdaten. Wir verarbeiten personenbezogene Daten in \u00dcbereinstimmung mit der EU-Datenschutz-Grundverordnung (DSGVO), mit dem Bundesdatenschutzgesetz (BDSG), mit dem Digitale-Dienste-Gesetz (DDG) sowie mit dem Gesetz \u00fcber den Datenschutz und den Schutz der Privatsph\u00e4re in der Telekommunikation und bei digitalen Diensten (TDDDG).<\/p>\n\n\n\n<p class=\"wp-block-paragraph\">Ich bin f\u00fcr die Datenverarbeitung Verantwortliche und haben daher technische und organisatorische Ma\u00dfnahmen umgesetzt, um den Schutz Ihrer personenbezogenen Daten bei dem Besuch dieser Website sicherzustellen.<\/p>\n\n\n\n<p class=\"wp-block-paragraph\">Grunds\u00e4tzlich besteht bei Daten\u00fcbertragungen \u00fcber das Internet aber immer ein Restrisiko in Form von Sicherheitsl\u00fccken, fehlender und\/oder fehlerhafte Updates, schon vorhandener Malware etc., ein absoluter Schutz ist nach dem Stand der Technik daher nicht m\u00f6glich.<\/p>\n\n\n\n<h2 class=\"wp-block-heading\">Verantwortliche Stelle<\/h2>\n\n\n\n<p class=\"wp-block-paragraph\">Verantwortlicher f\u00fcr die Datenverarbeitung auf dieser Website im Sinne der Datenschutz-Grundverordnung (DSGVO) ist:<\/p>\n\n\n\n<p class=\"wp-block-paragraph\">Ose Loesmann<\/p>\n\n\n\n<p class=\"wp-block-paragraph\">Tannenweg 8a<\/p>\n\n\n\n<p class=\"wp-block-paragraph\">25917 Klintum<\/p>\n\n\n\n<p class=\"wp-block-paragraph\">Telefon: 0163\/6292905<\/p>\n\n\n\n<p class=\"wp-block-paragraph\">E-Mail: <span class=\"email-obf\" data-email-obfuscated=\"1\"><span class='LBmob'><\/span><a class=\"mContainer TEBtn js-email\" data-l=\"b2ZuaQ,,\" data-d=\"ZWQubm5hbXNlb2wtZXNv\" href=\"#\"><\/a><span class='LBmob'><\/span><\/span><\/p>\n\n\n\n<h2 class=\"wp-block-heading\">1. Allgemeines<\/h2>\n\n\n\n<p class=\"wp-block-paragraph\">So weit ich f\u00fcr Verarbeitungsvorg\u00e4nge von personenbezogenen Daten Ihre Einwilligung einholen, dient Art. 6 Abs. 1 S. 1 lit. a DSGVO als Rechtsgrundlage. Bei der Verarbeitung Ihrer personenbezogenen Daten, die zur Erf\u00fcllung eines Vertrages zwischen Ihnen und mir erforderlich sind, dient Art. 6 Abs. 1 S. 1 lit. b DSGVO als Rechtsgrundlage. Dies gilt auch f\u00fcr Verarbeitungsvorg\u00e4nge, die zur Durchf\u00fchrung vorvertraglicher Ma\u00dfnahmen erforderlich sind. Soweit eine Verarbeitung personenbezogener Daten zur Erf\u00fcllung einer rechtlichen Verpflichtung erforderlich ist, welcher der Verantwortliche unterliegt, dient Art. 6 Abs. 1 S. 1 lit. c DSGVO als Rechtsgrundlage. Ist die Verarbeitung zur Wahrung eines berechtigten Interesses meinerseits oder eines Dritten erforderlich und \u00fcberwiegen die Interessen, Grundrechte und Grundfreiheiten der betroffenen Person das erstgenannte Interesse nicht, so dient Art. 6 Abs. 1 S. 1 lit. f DSGVO als Rechtsgrundlage. Weitere Informationen zu den konkreten Rechtsgrundlagen finden Sie in den betreffenden Abschnitten.<\/p>\n\n\n\n<h2 class=\"wp-block-heading\">2. Datenerfassung auf meiner Website<\/h2>\n\n\n\n<p class=\"wp-block-paragraph\">Im Rahmen der Nutzung meiner Website erhebe ich nur die personenbezogenen Daten, die Ihr Browser an meinen Server \u00fcbermittelt. Wenn Sie meine Website besuchen m\u00f6chten, erhebe ich die folgenden Daten, die technisch erforderlich sind, um Ihnen meine Website anzuzeigen und die Stabilit\u00e4t und Sicherheit zu gew\u00e4hrleisten:<\/p>\n\n\n\n<ul class=\"wp-block-list\">\n<li>IP-Adresse des anfragenden Endger\u00e4ts;<\/li>\n\n\n\n<li>Verwendeter Ger\u00e4tetyp (z. B. Smartphone, Tablet, PC);<\/li>\n\n\n\n<li>Datum und Uhrzeit des Zugriffs;<\/li>\n\n\n\n<li>Zeitzonendifferenz zur Greenwich Mean Time (GMT);<\/li>\n\n\n\n<li>Inhalt der Anforderung (konkrete Seite);<\/li>\n\n\n\n<li>Zugriffsstatus\/HTTP-Statuscode;<\/li>\n\n\n\n<li>\u00dcbermittelte Datenmenge;<\/li>\n\n\n\n<li>Name und URL der abgerufenen Daten;<\/li>\n\n\n\n<li>Website, von der aus der Zugriff erfolgt (Referrer-URL);<\/li>\n\n\n\n<li>Verwendeter Browser und Name Ihres Internet-Providers (Access-Providers);<\/li>\n\n\n\n<li>Ausgew\u00e4hlte Zugriffsmethode bzw. Protokoll;<\/li>\n\n\n\n<li>Betriebssystem und dessen Oberfl\u00e4che.<\/li>\n<\/ul>\n\n\n\n<p class=\"wp-block-paragraph\">Rechtsgrundlage ist Art. 6 Abs. 1 S. 1 lit. f DSGVO. Ich als Websitebetreiber habe im Rahmen der Interessenabw\u00e4gung, wie Sie, ein berechtigtes Interesse an der technisch fehlerfreien Darstellung und der Optimierung meiner Website.<\/p>\n\n\n\n<h2 class=\"wp-block-heading\">2.1 Cookies<\/h2>\n\n\n\n<p class=\"wp-block-paragraph\">Ich verwenden Cookies. Cookies dienen dazu, unser Websiteangebot nutzerfreundlicher zu gestalten und die Nutzung bestimmter Funktionen zu erm\u00f6glichen. Cookies sind kleine Textdateien mit einem kleinen Programmcode, die auf Ihrem Endger\u00e4t abgelegt werden und die Ihr Browser speichert.<\/p>\n\n\n\n<h2 class=\"wp-block-heading\">2.2 Session-Cookies<\/h2>\n\n\n\n<p class=\"wp-block-paragraph\">Das Session-Cookie ist technisch erforderlich f\u00fcr die Verbindung mit dem Server, um die Website darzustellen. Eine Abwahl ist daher aus technischen Gr\u00fcnden nicht m\u00f6glich. Das Session-Cookie ist ein tempor\u00e4res Cookie, das sp\u00e4testens nach dem Neustart des Ger\u00e4tes oder Beendigung der Session automatisch gel\u00f6scht wird. Gem\u00e4\u00df \u00a7 25 Abs. 2 TDDDG ist das Setzen von technisch erforderlichen Cookies erlaubt. Rechtsgrundlage f\u00fcr die Verarbeitung personenbezogener Daten ist Art. 6 Abs. 1 S. 1 lit. f DSGVO. Ich als Websitebetreiber haben im Rahmen der Interessenabw\u00e4gung, wie Sie, ein berechtigtes Interesse an der Speicherung von Cookies zur technisch fehlerfreien und optimierten Bereitstellung meiner Website.<\/p>\n\n\n\n<h2 class=\"wp-block-heading\">2.3 Persistente-Cookies<\/h2>\n\n\n\n<p class=\"wp-block-paragraph\">Persistente-Cookies bleiben auch nach Beendigung der Sessions oder Neustart des Ger\u00e4tes gespeichert. Ich habe keine Cookies dieser Art beauftragt.<\/p>\n\n\n\n<h2 class=\"wp-block-heading\">3. Hosting<\/h2>\n\n\n\n<p class=\"wp-block-paragraph\">Ich hoste meine Website bei einem externen Dienstleister (Hoster), der seinen Sitz in Deutschland hat.<\/p>\n\n\n\n<p class=\"wp-block-paragraph\">C2 | agentur<\/p>\n\n\n\n<p class=\"wp-block-paragraph\">Am Stadtfeld 3<\/p>\n\n\n\n<p class=\"wp-block-paragraph\">25840 Friedrichstadt<\/p>\n\n\n\n<p class=\"wp-block-paragraph\">Ich habe mit dem Dienstleister einen Auftragsverarbeitungsvertrag im Sinne des Art. 28 DSGVO geschlossen. Personenbezogene Daten, die auf dieser Website erfasst werden, werden auf den Servern des Hosters gespeichert. Der Hoster verarbeitet Ihre Daten nur insoweit, wie dies zur Erf\u00fcllung seiner Pflichten erforderlich ist, und befolgt meine Weisungen.<\/p>\n\n\n\n<h2 class=\"wp-block-heading\">4. Kontakt<\/h2>\n\n\n\n<p class=\"wp-block-paragraph\">Lassen Sie mir \u00fcber die Kontaktm\u00f6glichkeiten der Website Anfragen zukommen, werden Ihre Angaben und personenbezogenen Daten aus diesem Kontakt zwecks Bearbeitung Ihrer Anfrage sowie gegebenenfalls f\u00fcr Anschlussfragen verarbeitet. Rechtsgrundlage ist Art. 6 Abs. 1 S. 1 lit. b DSGVO, sofern Ihre Anfrage mit der Erf\u00fcllung eines Vertrages zusammenh\u00e4ngt oder zur Durchf\u00fchrung vorvertraglicher Ma\u00dfnahmen erforderlich ist. In \u00fcbrigen F\u00e4llen st\u00fctze ich die Verarbeitung auf mein berechtigtes Interesse an der effektiven Bearbeitung Ihres Anliegens gem\u00e4\u00df Art. 6 Abs. 1 S. 1 lit. f DSGVO.<\/p>\n\n\n\n<h2 class=\"wp-block-heading\">5. Verarbeitung von Interessenten-, Kunden- und Vertragsdaten<\/h2>\n\n\n\n<p class=\"wp-block-paragraph\">Ich verarbeiten Ihre personenbezogenen Daten zur Erf\u00fcllung eines Vertrages und der diesbez\u00fcglichen Durchf\u00fchrung vorvertraglicher Ma\u00dfnahmen oder Beendigung unseres Vertrages. Die Datenverarbeitung ist zur Erf\u00fcllung des Vertrages erforderlich. Rechtsgrundlage ist Art. 6 Abs. 1 S. 1 lit. b DSGVO.<\/p>\n\n\n\n<h2 class=\"wp-block-heading\">6. Empf\u00e4nger oder Kategorien von Empf\u00e4ngern<\/h2>\n\n\n\n<p class=\"wp-block-paragraph\">Teilweise bediene ich mich zur Verarbeitung Ihrer personenbezogenen Daten externer Dienstleister. Diese wurden von mir sorgf\u00e4ltig ausgew\u00e4hlt und beauftragt, sind an meine Weisungen gebunden und werden regelm\u00e4\u00dfig kontrolliert. In der Regel erfolgt dies auf Grundlage einer Auftragsverarbeitung gem\u00e4\u00df Art. 28 DSGVO. Dar\u00fcber hinaus \u00fcbermittel ich personenbezogene Daten an Dritte nur dann, wenn hierf\u00fcr eine gesetzliche Erlaubnis besteht oder Sie zuvor eingewilligt haben. Eine Offenlegung bzw. \u00dcbermittlung Ihrer personenbezogenen Daten erfolgt ausschlie\u00dflich im Rahmen der zuvor genannten Zwecke gegen\u00fcber folgenden Empf\u00e4ngern bzw. Kategorien von Empf\u00e4ngern:<\/p>\n\n\n\n<ul class=\"wp-block-list\">\n<li>IT-Dienstleister;<\/li>\n\n\n\n<li>Ggf. Inkassodienstleister und Rechtsanw\u00e4lte, z. B. um Forderungen einzuziehen und Anspr\u00fcche gerichtlich durchzusetzen;<\/li>\n\n\n\n<li>Ggf. Unternehmensk\u00e4ufer\/-interessenten bei Unternehmenstransaktionen;<\/li>\n\n\n\n<li>Verantwortliche, Auftragsverarbeiter;<\/li>\n\n\n\n<li>Andere Berechtigte (z. B. Beh\u00f6rden und Gerichte), soweit hierzu eine gesetzliche Verpflichtung oder Berechtigung besteht;<\/li>\n\n\n\n<li>Je nach Auftrag an weitere Empf\u00e4nger, die ich gegebenenfalls mit Ihnen abstimmen.<\/li>\n<\/ul>\n\n\n\n<h2 class=\"wp-block-heading\">7. \u00dcbermittlung in Staaten au\u00dferhalb der EU oder des EWR<\/h2>\n\n\n\n<p class=\"wp-block-paragraph\">So weit ich Daten au\u00dferhalb der Europ\u00e4ischen Union (EU) bzw. des Europ\u00e4ischen Wirtschaftsraumes (EWR) verarbeiten oder dies im Rahmen der Inanspruchnahme von Diensten Dritter oder Offenlegung bzw. \u00dcbermittlung von Daten an Dritte geschieht, erfolgt dies nur, wenn es zur Erf\u00fcllung unserer (vor)vertraglichen Pflichten, auf Grundlage Ihrer Einwilligung, aufgrund einer rechtlichen Verpflichtung oder auf Grundlage meiner berechtigten Interessen geschieht. Ich verwende zur Sicherstellung eines angemessenen Datenschutzniveaus beim Empf\u00e4nger der Daten in der Regel EU-Standardvertragsklauseln und pr\u00fcfen das Vorliegen zus\u00e4tzlicher Garantien hinsichtlich der \u00dcbermittlung personenbezogener Daten.<\/p>\n\n\n\n<h2 class=\"wp-block-heading\">8. Dauer der Speicherung<\/h2>\n\n\n\n<p class=\"wp-block-paragraph\">Ihre personenbezogenen Daten werden so lange gespeichert, wie dies f\u00fcr die Erf\u00fcllung der genannten Zwecke erforderlich ist. Danach (z. B. nach abgeschlossener Bearbeitung Ihrer Anfrage; wenn der betroffene Sachverhalt abschlie\u00dfend gekl\u00e4rt ist; nach Abschluss des Auftrages oder Beendigung der Gesch\u00e4ftsbeziehung) werden Ihre personenbezogenen Daten gel\u00f6scht, es sei denn, dass ich aufgrund von gesetzlichen Vorgaben (z. B. handels- oder steuerrechtliche Aufbewahrungspflichten) zu einer l\u00e4ngeren Speicherung verpflichtet bin. In diesem Fall werden Ihre personenbezogenen Daten zun\u00e4chst gesperrt und mit Ablauf der Aufbewahrungsfrist gel\u00f6scht. Eine Speicherung kann zudem dar\u00fcber hinaus erfolgen, wenn dies durch den europ\u00e4ischen oder nationalen Gesetzgeber in unionsrechtlichen Verordnungen, Gesetzen oder sonstigen Vorschriften, denen ich unterliege, vorgesehen wurde. Au\u00dferdem kann eine Speicherung dar\u00fcber hinaus erfolgen, wenn Sie nach Art. 6 Abs. 1 S. 1 lit. a DSGVO eingewilligt haben. Im Fall von Pflichten zur dauerhaften Beachtung von Widerspr\u00fcchen oder Widerrufen behalte ich mir die Speicherung Ihrer Kontaktdaten allein zu diesem Zweck in einer Sperrliste (sogenannte \u201eDenylist\u201c) vor.<\/p>\n\n\n\n<p class=\"wp-block-paragraph\">Weitere Hinweise zur Dauer der Speicherung und L\u00f6schung Ihrer personenbezogenen Daten k\u00f6nnen im Rahmen der einzelnen Datenschutzhinweise dieser Datenschutzinformation erfolgen.<\/p>\n\n\n\n<h2 class=\"wp-block-heading\">9. Betroffenenrechte<\/h2>\n\n\n\n<p class=\"wp-block-paragraph\">Sie haben mir gegen\u00fcber im Rahmen der gesetzlichen Vorgaben einen Anspruch auf<\/p>\n\n\n\n<ul class=\"wp-block-list\">\n<li><strong>Best\u00e4tigung<\/strong>, ob Ihre personenbezogenen Daten Sierch uns verarbeitet werden und auf <strong>Auskunft <\/strong>\u00fcber die Umst\u00e4nde der Verarbeitung (Art. 15 DSGVO);<\/li>\n\n\n\n<li><strong>Berichtigung<\/strong>,soweit Ihre personenbezogenen Daten unrichtig sind (Art. 16 DSGVO);<\/li>\n\n\n\n<li><strong>L\u00f6schung <\/strong>Ihrer personenbezogenen Daten, soweit f\u00fcr die Verarbeitung keine Rechtfertigung und keine Pflicht zur Aufbewahrung (mehr) besteht (Art. 17 DSGVO);<\/li>\n\n\n\n<li><strong>Einschr\u00e4nkung <\/strong>der Verarbeitung, wenn eine der in Art. 18 Abs. 1 lit. a bis d DSGVO genannten Voraussetzungen gegeben ist (Art. 18 DSGVO);<\/li>\n\n\n\n<li><strong>Daten\u00fcbertragbarkeit <\/strong>Ihrer personenbezogenen Daten in einem strukturierten, g\u00e4ngigen und maschinenlesbaren Format (Art. 20 DSGVO);<\/li>\n\n\n\n<li><strong>Beschwerde <\/strong>bei einer Aufsichtsbeh\u00f6rde (Art. 77 DSGVO).<\/li>\n<\/ul>\n\n\n\n<p class=\"wp-block-paragraph\"><a><\/a> Soweit die Verarbeitung Ihrer personenbezogenen Daten auf Ihrer Einwilligung beruht, haben Sie gem\u00e4\u00df Art. 7 Abs. 3 DSGVO das Recht, die Einwilligung jederzeit zu <strong>widerrufen<\/strong>, mit der Folge, dass die Verarbeitung Ihrer personenbezogenen Daten f\u00fcr die Zukunft unzul\u00e4ssig wird. Dies ber\u00fchrt die Rechtm\u00e4\u00dfigkeit der aufgrund der Einwilligung bis zum Widerruf erfolgten Verarbeitung jedoch nicht. Der Widerruf der Einwilligung kann per E-Mail oder per Post an meine zu Beginn dieser Datenschutzinformation aufgef\u00fchrte Postadresse formlos mitgeteilt werden.<\/p>\n\n\n\n<p class=\"wp-block-paragraph\"><strong>Au\u00dferdem k\u00f6nnen Sie gem\u00e4\u00df Art. 21 DSGVO im Falle einer Verarbeitung auf Grundlage eines berechtigten Interesses gem\u00e4\u00df Art. 6 Abs. 1 S. 1 lit. f DSGVO Widerspruch gegen die Verarbeitung erheben, wobei Sie, au\u00dfer im Fall der Direktwerbung, einen besonderen Grund darlegen m\u00fcssen. Der Widerspruch kann per E-Mail an die oben aufgef\u00fchrten Kontaktm\u00f6glichkeiten formlos mitgeteilt werden.<\/strong><\/p>\n\n\n\n<h2 class=\"wp-block-heading\">10. Verpflichtung oder Obliegenheit zur Bereitstellung der Daten<\/h2>\n\n\n\n<p class=\"wp-block-paragraph\">Im Rahmen der Erf\u00fcllung eines Vertrages und der diesbez\u00fcglichen Durchf\u00fchrung vorvertraglicher Ma\u00dfnahmen von Vertr\u00e4gen mit Ihnen ist es erforderlich, dass Sie diejenigen personenbezogenen Daten bereitstellen, die f\u00fcr die Begr\u00fcndung bzw. die Durchf\u00fchrung des Vertrages und damit f\u00fcr die Erf\u00fcllung der vertraglichen Pflichten erforderlich sind. Sind Sie nicht verpflichtet, Ihre personenbezogenen Daten bereitzustellen. Sofern Sie diese jedoch nicht bereitstellen, ist die Begr\u00fcndung und Durchf\u00fchrung der vertraglichen Beziehung nicht m\u00f6glich.<\/p>\n\n\n\n<h2 class=\"wp-block-heading\">11. Keine automatisierte Entscheidungsfindung inklusive Profiling<\/h2>\n\n\n\n<p class=\"wp-block-paragraph\">Ich verarbeite Ihre personenbezogenen Daten nicht zum Zweck automatisierter Entscheidungsfindung, einschlie\u00dflich Profiling gem\u00e4\u00df Art. 22 Abs. 1 und 4 DSGVO.<\/p>\n\n\n\n<h2 class=\"wp-block-heading\">12. Datensicherheit<\/h2>\n\n\n\n<p class=\"wp-block-paragraph\">Ich habe die notwendigen technischen und organisatorischen Ma\u00dfnahmen ergriffen, um die von Ihnen zur Verf\u00fcgung gestellten personenbezogenen Daten vor Verlust, Zerst\u00f6rung, Manipulation und unberechtigtem Zugriff zu sch\u00fctzen. Alle an der Datenverarbeitung beteiligten Personen sind zur Einhaltung der DSGVO, des BDSG und anderer datenschutzrelevanter Gesetze und zum vertraulichen Umgang mit personenbezogenen Daten verpflichtet. Alle beteiligten Personen sind entsprechend geschult. Sowohl interne als auch externe Pr\u00fcfungen sichern die Einhaltung aller datenschutzrelevanten Prozesse.<\/p>\n\n\n\n<h2 class=\"wp-block-heading\">13. \u00c4nderung der Datenschutzinformation<\/h2>\n\n\n\n<p class=\"wp-block-paragraph\"><strong>Neue rechtliche Vorgaben, unternehmerische Entscheidungen oder die technische Entwicklung erfordern gegebenenfalls \u00c4nderungen in meine Datenschutzinformation. Die Datenschutzinformation wird dann entsprechend angepasst. Die aktuellste Version finden Sie hier.<\/strong><\/p>\n\n\n\n<p class=\"wp-block-paragraph\"><strong>Stand der Datenschutzinformationen:<\/strong> M\u00e4rz 2026<\/p>\n<\/div><\/div>\n<\/div><\/div>\n","protected":false},"excerpt":{"rendered":"<p> [&#8230;]<\/p>\n<p><a class=\"btn btn-secondary understrap-read-more-link\" href=\"https:\/\/ose-loesmann.de\/?page_id=3\">Weiterlesen\u00a0\u2026<span class=\"screen-reader-text\"> from Datenschutzinformation<\/span><\/a><\/p>\n","protected":false},"author":2,"featured_media":0,"parent":0,"menu_order":0,"comment_status":"closed","ping_status":"closed","template":"page-templates\/empty.php","meta":{"_acf_changed":false,"ghostkit_customizer_options":"","ghostkit_custom_css":"","ghostkit_custom_js_head":"","ghostkit_custom_js_foot":"","ghostkit_typography":"","footnotes":""},"class_list":["post-3","page","type-page","status-publish","hentry"],"acf":[],"featured_image_src":null,"featured_image_src_square":null,"_links":{"self":[{"href":"https:\/\/ose-loesmann.de\/index.php?rest_route=\/wp\/v2\/pages\/3","targetHints":{"allow":["GET"]}}],"collection":[{"href":"https:\/\/ose-loesmann.de\/index.php?rest_route=\/wp\/v2\/pages"}],"about":[{"href":"https:\/\/ose-loesmann.de\/index.php?rest_route=\/wp\/v2\/types\/page"}],"author":[{"embeddable":true,"href":"https:\/\/ose-loesmann.de\/index.php?rest_route=\/wp\/v2\/users\/2"}],"replies":[{"embeddable":true,"href":"https:\/\/ose-loesmann.de\/index.php?rest_route=%2Fwp%2Fv2%2Fcomments&post=3"}],"version-history":[{"count":17,"href":"https:\/\/ose-loesmann.de\/index.php?rest_route=\/wp\/v2\/pages\/3\/revisions"}],"predecessor-version":[{"id":969,"href":"https:\/\/ose-loesmann.de\/index.php?rest_route=\/wp\/v2\/pages\/3\/revisions\/969"}],"wp:attachment":[{"href":"https:\/\/ose-loesmann.de\/index.php?rest_route=%2Fwp%2Fv2%2Fmedia&parent=3"}],"curies":[{"name":"wp","href":"https:\/\/api.w.org\/{rel}","templated":true}]}}